
{"id":14,"date":"2020-08-29T02:18:07","date_gmt":"2020-08-29T02:18:07","guid":{"rendered":"https:\/\/demo.cmssuperheroes.com\/themeforest\/koira\/?page_id=14"},"modified":"2024-06-19T01:38:47","modified_gmt":"2024-06-19T01:38:47","slug":"noticias2","status":"publish","type":"page","link":"https:\/\/inelco.com.co\/en\/noticias2\/","title":{"rendered":"News"},"content":{"rendered":"\t\t<div data-elementor-type=\"wp-post\" data-elementor-id=\"14\" class=\"elementor elementor-14\" data-elementor-post-type=\"page\">\n\t\t\t\t\t\t<section data-particle_enable=\"false\" data-particle-mobile-disabled=\"false\" class=\"elementor-section elementor-top-section elementor-element elementor-element-88f8c7b elementor-section-stretched elementor-section-boxed elementor-section-height-default elementor-section-height-default\" data-id=\"88f8c7b\" data-element_type=\"section\" data-e-type=\"section\" data-settings=\"{&quot;stretch_section&quot;:&quot;section-stretched&quot;,&quot;background_background&quot;:&quot;classic&quot;}\">\r\n\t\t\t\t\t\t\t<div class=\"elementor-background-overlay\"><\/div>\r\n\t\t\t\t\t\t\t<div class=\"elementor-container elementor-column-gap-default \" >\r\n\t\t\t        <div class=\"elementor-column elementor-col-50 elementor-top-column elementor-element elementor-element-8a40248\" data-id=\"8a40248\" data-element_type=\"column\" data-e-type=\"column\">\r\n            <div class=\"elementor-widget-wrap elementor-element-populated\">\r\n                \t\t<div class=\"elementor-element elementor-element-8f64f10 elementor-widget elementor-widget-cms_heading\" data-id=\"8f64f10\" data-element_type=\"widget\" data-e-type=\"widget\" data-widget_type=\"cms_heading.default\">\n\t\t\t\t<div class=\"elementor-widget-container\">\n\t\t\t\t\t<div class=\"cms-heading-wrapper cms-heading-layout1\">\n    \n            <h1 class=\"custom-heading\">\n            <span >Noticias<\/span>\n        <\/h1>\n        \n    <\/div>\t\t\t\t<\/div>\n\t\t\t\t<\/div>\n\t\t\t\t<div class=\"elementor-element elementor-element-cb4febc elementor-widget elementor-widget-text-editor\" data-id=\"cb4febc\" data-element_type=\"widget\" data-e-type=\"widget\" data-widget_type=\"text-editor.default\">\n\t\t\t\t<div class=\"elementor-widget-container\">\n\t\t\t\t\t\t\t\t\t<p><span style=\"font-weight: 400;\">Aqu\u00ed puedes leer algunas de nuestras noticias entre menciones y opiniones en art\u00edculos del sector.\u00a0<\/span><\/p><p>\u00a0<\/p>\t\t\t\t\t\t\t\t<\/div>\n\t\t\t\t<\/div>\n\t\t            <\/div>\r\n        <\/div>\r\n                <div class=\"elementor-column elementor-col-50 elementor-top-column elementor-element elementor-element-d9c24a3\" data-id=\"d9c24a3\" data-element_type=\"column\" data-e-type=\"column\">\r\n            <div class=\"elementor-widget-wrap\">\r\n                            <\/div>\r\n        <\/div>\r\n        \t\t\t<\/div>\r\n\t\t<\/section>\r\n\t\t\t\t<section data-particle_enable=\"false\" data-particle-mobile-disabled=\"false\" class=\"elementor-section elementor-top-section elementor-element elementor-element-8cd3075 elementor-section-boxed elementor-section-height-default elementor-section-height-default\" data-id=\"8cd3075\" data-element_type=\"section\" data-e-type=\"section\">\r\n\t\t\t\t\t\t<div class=\"elementor-container elementor-column-gap-default \" >\r\n\t\t\t        <div class=\"elementor-column elementor-col-100 elementor-top-column elementor-element elementor-element-991cd29\" data-id=\"991cd29\" data-element_type=\"column\" data-e-type=\"column\">\r\n            <div class=\"elementor-widget-wrap elementor-element-populated\">\r\n                \t\t<div class=\"elementor-element elementor-element-ca58767 elementor-widget elementor-widget-cms_breadcrumb\" data-id=\"ca58767\" data-element_type=\"widget\" data-e-type=\"widget\" data-widget_type=\"cms_breadcrumb.default\">\n\t\t\t\t<div class=\"elementor-widget-container\">\n\t\t\t\t\t<ul class=\"cms-breadcrumb\"><li><span class=\"breadcrumb-entry\">Home<\/span><\/li><\/ul>\t\t\t\t<\/div>\n\t\t\t\t<\/div>\n\t\t\t\t<div class=\"elementor-element elementor-element-a5c18ad elementor-widget elementor-widget-cms_post_grid\" data-id=\"a5c18ad\" data-element_type=\"widget\" data-e-type=\"widget\" data-widget_type=\"cms_post_grid.default\">\n\t\t\t\t<div class=\"elementor-widget-container\">\n\t\t\t\t\t\n<div id=\"cms_post_grid-a5c18ad\" class=\"cms-grid cms-post-grid-layout1\" data-layout=\"basic\" data-start-page=\"1\" data-max-pages=\"2\" data-total=\"11\" data-perpage=\"6\" data-next-link=\"https:\/\/inelco.com.co\/en\/wp-json\/wp\/v2\/pages\/14\/page\/2\/\" data-loadmore=\"{&quot;startPage&quot;:1,&quot;maxPages&quot;:2,&quot;total&quot;:11,&quot;perpage&quot;:&quot;6&quot;,&quot;nextLink&quot;:&quot;https:\\\/\\\/inelco.com.co\\\/en\\\/wp-json\\\/wp\\\/v2\\\/pages\\\/14\\\/page\\\/2\\\/&quot;,&quot;source&quot;:[&quot;noticias|category&quot;],&quot;orderby&quot;:&quot;date&quot;,&quot;order&quot;:&quot;desc&quot;,&quot;limit&quot;:&quot;6&quot;,&quot;post_ids&quot;:&quot;&quot;,&quot;col_xl&quot;:4,&quot;col_lg&quot;:4,&quot;col_md&quot;:6,&quot;col_sm&quot;:6,&quot;col_xs&quot;:12,&quot;thumbnail_size&quot;:&quot;custom&quot;,&quot;thumbnail_custom_dimension&quot;:{&quot;width&quot;:&quot;370&quot;,&quot;height&quot;:&quot;270&quot;},&quot;title_tag&quot;:&quot;h3&quot;,&quot;pagination_type&quot;:&quot;pagination&quot;,&quot;show_thumbnail&quot;:&quot;true&quot;,&quot;show_meta&quot;:&quot;true&quot;,&quot;show_author&quot;:&quot;true&quot;,&quot;show_post_date&quot;:&quot;true&quot;,&quot;show_categories&quot;:&quot;true&quot;,&quot;show_excerpt&quot;:&quot;true&quot;,&quot;num_words&quot;:30,&quot;show_button&quot;:&quot;true&quot;,&quot;hover_animation&quot;:&quot;pagination&quot;,&quot;button_text&quot;:&quot;Leer m\\u00e1s&quot;,&quot;template_type&quot;:&quot;post_grid_layout1&quot;}\" data-query=\"{&quot;post_type&quot;:&quot;post&quot;,&quot;post_status&quot;:&quot;publish&quot;,&quot;posts_per_page&quot;:6,&quot;order&quot;:&quot;desc&quot;,&quot;orderby&quot;:&quot;date&quot;,&quot;tax_query&quot;:{&quot;relation&quot;:&quot;OR&quot;,&quot;0&quot;:{&quot;taxonomy&quot;:&quot;category&quot;,&quot;field&quot;:&quot;slug&quot;,&quot;operator&quot;:&quot;IN&quot;,&quot;terms&quot;:[&quot;noticias&quot;]}},&quot;post__not_in&quot;:[14]}\">\n    <div class=\"cms-grid-overlay\"><\/div>\n    \n    <div class=\"cms-grid-inner row animation-time\" data-gutter=\"15\">\n                                <div class=\"grid-item col-xl-4 col-lg-4 col-md-6 col-sm-6 col-12\">\n                    <div class=\"grid-item-inner\">\n                                                    <div class=\"entry-featured\">\n                                <div class=\"post-image\">\n                                    <a href=\"https:\/\/inelco.com.co\/en\/75-anos-de-calidad-el-legado-de-inelco\/\"><img decoding=\"async\" class=\"\" src=\"https:\/\/inelco.com.co\/wp-content\/uploads\/2025\/01\/Captura-de-pantalla-2025-01-17-075838-370x270.png\" width=\"370\" height=\"270\" alt=\"Captura de pantalla 2025-01-17 075838\" title=\"Captura de pantalla 2025-01-17 075838\" \/><\/a>\n                                <\/div>\n                                                                    <div class=\"post-category\"><a href=\"https:\/\/inelco.com.co\/en\/category\/noticias\/\" rel=\"tag\">Noticias<\/a><\/div>\n                                                            <\/div>\n                                                <div class=\"entry-body\">\n                            <h3 class=\"entry-title\">\n                                <a href=\"https:\/\/inelco.com.co\/en\/75-anos-de-calidad-el-legado-de-inelco\/\">75 a\u00f1os de calidad, el legado de INELCO<\/a>\n                            <\/h3>\n                            <ul class=\"entry-meta\">\n                                                                    <li class=\"post-date\">January 17, 2025<\/li>\n                                                                                                    <li class=\"author\">\n                                        <a href=\"https:\/\/inelco.com.co\/en\/author\/lmurillo\/\">lmurillo<\/a><\/li>\n                                                            <\/ul>\n                                                            <div class=\"entry-content\">\n                                    &nbsp; https:\/\/www.elpais.com.co\/informacion-comercial\/75-anos-de-calidad-el-legado-de-inelco-1500.html                                <\/div>\n                                                                                        <div class=\"entry-readmore\">\n                                    <a class=\"btn-more\" href=\"https:\/\/inelco.com.co\/en\/75-anos-de-calidad-el-legado-de-inelco\/\">\n                                        <span>Leer m\u00e1s<\/span>\n                                        <i class=\"fas fa-arrow-circle-right\"><\/i>\n                                    <\/a>\n                                <\/div>\n                                                    <\/div>\n                    <\/div>\n                <\/div>\n                            <div class=\"grid-item col-xl-4 col-lg-4 col-md-6 col-sm-6 col-12\">\n                    <div class=\"grid-item-inner\">\n                                                    <div class=\"entry-featured\">\n                                <div class=\"post-image\">\n                                    <a href=\"https:\/\/inelco.com.co\/en\/inelco-celebra-70-anos-con-reconocimientos-de-la-industria-electrica-y-de-ingenieria\/\"><img loading=\"lazy\" decoding=\"async\" class=\"\" src=\"https:\/\/inelco.com.co\/wp-content\/uploads\/2025\/01\/Captura-de-pantalla-2025-01-17-090411-e1737122799995-370x270.png\" width=\"370\" height=\"270\" alt=\"Captura de pantalla 2025-01-17 090411\" title=\"Captura de pantalla 2025-01-17 090411\" \/><\/a>\n                                <\/div>\n                                                                    <div class=\"post-category\"><a href=\"https:\/\/inelco.com.co\/en\/category\/noticias\/\" rel=\"tag\">Noticias<\/a><\/div>\n                                                            <\/div>\n                                                <div class=\"entry-body\">\n                            <h3 class=\"entry-title\">\n                                <a href=\"https:\/\/inelco.com.co\/en\/inelco-celebra-70-anos-con-reconocimientos-de-la-industria-electrica-y-de-ingenieria\/\">INELCO celebra 70 a\u00f1os con reconocimientos de la industria el\u00e9ctrica y de ingenier\u00eda<\/a>\n                            <\/h3>\n                            <ul class=\"entry-meta\">\n                                                                    <li class=\"post-date\">January 15, 2025<\/li>\n                                                                                                    <li class=\"author\">\n                                        <a href=\"https:\/\/inelco.com.co\/en\/author\/lmurillo\/\">lmurillo<\/a><\/li>\n                                                            <\/ul>\n                                                            <div class=\"entry-content\">\n                                    El pasado 11 de abril de 2019, en una emotiva ceremonia llevada a cabo en el Club Campestre de Cali, INELCO recibi\u00f3 m\u00faltiples homenajes en conmemoraci\u00f3n de sus 70 a\u00f1os&hellip;                                <\/div>\n                                                                                        <div class=\"entry-readmore\">\n                                    <a class=\"btn-more\" href=\"https:\/\/inelco.com.co\/en\/inelco-celebra-70-anos-con-reconocimientos-de-la-industria-electrica-y-de-ingenieria\/\">\n                                        <span>Leer m\u00e1s<\/span>\n                                        <i class=\"fas fa-arrow-circle-right\"><\/i>\n                                    <\/a>\n                                <\/div>\n                                                    <\/div>\n                    <\/div>\n                <\/div>\n                            <div class=\"grid-item col-xl-4 col-lg-4 col-md-6 col-sm-6 col-12\">\n                    <div class=\"grid-item-inner\">\n                                                    <div class=\"entry-featured\">\n                                <div class=\"post-image\">\n                                    <a href=\"https:\/\/inelco.com.co\/en\/inelco-recauda-150-millones-para-proyecto-de-energias-renovables-a-traves-de-a2censo\/\"><img loading=\"lazy\" decoding=\"async\" class=\"\" src=\"https:\/\/inelco.com.co\/wp-content\/uploads\/2024\/06\/IMPULSA-370x270.jpg\" width=\"370\" height=\"270\" alt=\"IMPULSA\" title=\"IMPULSA\" \/><\/a>\n                                <\/div>\n                                                                    <div class=\"post-category\"><a href=\"https:\/\/inelco.com.co\/en\/category\/noticias\/\" rel=\"tag\">Noticias<\/a><\/div>\n                                                            <\/div>\n                                                <div class=\"entry-body\">\n                            <h3 class=\"entry-title\">\n                                <a href=\"https:\/\/inelco.com.co\/en\/inelco-recauda-150-millones-para-proyecto-de-energias-renovables-a-traves-de-a2censo\/\">Inelco recauda $150 millones para proyecto de energ\u00edas renovables a trav\u00e9s de a2censo<\/a>\n                            <\/h3>\n                            <ul class=\"entry-meta\">\n                                                                    <li class=\"post-date\">January 10, 2025<\/li>\n                                                                                                    <li class=\"author\">\n                                        <a href=\"https:\/\/inelco.com.co\/en\/author\/lmurillo\/\">lmurillo<\/a><\/li>\n                                                            <\/ul>\n                                                            <div class=\"entry-content\">\n                                    Inelco, una empresa familiar con m\u00e1s de 70 a\u00f1os de trayectoria en el sector de energ\u00edas renovables, logr\u00f3 recaudar $150 millones a trav\u00e9s de a2censo, la plataforma de crowdfunding de&hellip;                                <\/div>\n                                                                                        <div class=\"entry-readmore\">\n                                    <a class=\"btn-more\" href=\"https:\/\/inelco.com.co\/en\/inelco-recauda-150-millones-para-proyecto-de-energias-renovables-a-traves-de-a2censo\/\">\n                                        <span>Leer m\u00e1s<\/span>\n                                        <i class=\"fas fa-arrow-circle-right\"><\/i>\n                                    <\/a>\n                                <\/div>\n                                                    <\/div>\n                    <\/div>\n                <\/div>\n                            <div class=\"grid-item col-xl-4 col-lg-4 col-md-6 col-sm-6 col-12\">\n                    <div class=\"grid-item-inner\">\n                                                    <div class=\"entry-featured\">\n                                <div class=\"post-image\">\n                                    <a href=\"https:\/\/inelco.com.co\/en\/casos-de-exito-inelco-sas-transforma-infraestructuras-en-diversos-sectores\/\"><img loading=\"lazy\" decoding=\"async\" class=\"\" src=\"https:\/\/inelco.com.co\/wp-content\/uploads\/2024\/11\/casos-de-Exito-356x270.jpg\" width=\"356\" height=\"270\" alt=\"casos de Exito\" title=\"casos de Exito\" \/><\/a>\n                                <\/div>\n                                                                    <div class=\"post-category\"><a href=\"https:\/\/inelco.com.co\/en\/category\/noticias\/\" rel=\"tag\">Noticias<\/a><\/div>\n                                                            <\/div>\n                                                <div class=\"entry-body\">\n                            <h3 class=\"entry-title\">\n                                <a href=\"https:\/\/inelco.com.co\/en\/casos-de-exito-inelco-sas-transforma-infraestructuras-en-diversos-sectores\/\">Casos de \u00c9xito: INELCO SAS Transforma Infraestructuras en Diversos Sectores<\/a>\n                            <\/h3>\n                            <ul class=\"entry-meta\">\n                                                                    <li class=\"post-date\">November 26, 2024<\/li>\n                                                                                                    <li class=\"author\">\n                                        <a href=\"https:\/\/inelco.com.co\/en\/author\/lmurillo\/\">lmurillo<\/a><\/li>\n                                                            <\/ul>\n                                                            <div class=\"entry-content\">\n                                    Bogot\u00e1, D.C. &#8211; 20 de diciembre de 2023 INELCO SAS ha consolidado su reputaci\u00f3n como un aliado estrat\u00e9gico para diversos sectores gracias a su capacidad para dise\u00f1ar, construir y mantener&hellip;                                <\/div>\n                                                                                        <div class=\"entry-readmore\">\n                                    <a class=\"btn-more\" href=\"https:\/\/inelco.com.co\/en\/casos-de-exito-inelco-sas-transforma-infraestructuras-en-diversos-sectores\/\">\n                                        <span>Leer m\u00e1s<\/span>\n                                        <i class=\"fas fa-arrow-circle-right\"><\/i>\n                                    <\/a>\n                                <\/div>\n                                                    <\/div>\n                    <\/div>\n                <\/div>\n                            <div class=\"grid-item col-xl-4 col-lg-4 col-md-6 col-sm-6 col-12\">\n                    <div class=\"grid-item-inner\">\n                                                    <div class=\"entry-featured\">\n                                <div class=\"post-image\">\n                                    <a href=\"https:\/\/inelco.com.co\/en\/inelco-sas-refuerza-su-compromiso-con-la-innovacion-y-la-sostenibilidad\/\"><img loading=\"lazy\" decoding=\"async\" class=\"\" src=\"https:\/\/inelco.com.co\/wp-content\/uploads\/2024\/11\/2022-06-10NID_274967O_1-e1737123951477-370x270.jpeg\" width=\"370\" height=\"270\" alt=\"2022-06-10NID_274967O_1\" title=\"2022-06-10NID_274967O_1\" \/><\/a>\n                                <\/div>\n                                                                    <div class=\"post-category\"><a href=\"https:\/\/inelco.com.co\/en\/category\/noticias\/\" rel=\"tag\">Noticias<\/a><\/div>\n                                                            <\/div>\n                                                <div class=\"entry-body\">\n                            <h3 class=\"entry-title\">\n                                <a href=\"https:\/\/inelco.com.co\/en\/inelco-sas-refuerza-su-compromiso-con-la-innovacion-y-la-sostenibilidad\/\">INELCO SAS Refuerza su Compromiso con la Innovaci\u00f3n y la Sostenibilidad<\/a>\n                            <\/h3>\n                            <ul class=\"entry-meta\">\n                                                                    <li class=\"post-date\">November 26, 2024<\/li>\n                                                                                                    <li class=\"author\">\n                                        <a href=\"https:\/\/inelco.com.co\/en\/author\/lmurillo\/\">lmurillo<\/a><\/li>\n                                                            <\/ul>\n                                                            <div class=\"entry-content\">\n                                    En un mundo en constante evoluci\u00f3n, INELCO SAS sigue innovando para ofrecer soluciones integrales en ingenier\u00eda el\u00e9ctrica, telecomunicaciones, y sostenibilidad energ\u00e9tica. La empresa ha anunciado nuevas certificaciones en proyectos LEED,&hellip;                                <\/div>\n                                                                                        <div class=\"entry-readmore\">\n                                    <a class=\"btn-more\" href=\"https:\/\/inelco.com.co\/en\/inelco-sas-refuerza-su-compromiso-con-la-innovacion-y-la-sostenibilidad\/\">\n                                        <span>Leer m\u00e1s<\/span>\n                                        <i class=\"fas fa-arrow-circle-right\"><\/i>\n                                    <\/a>\n                                <\/div>\n                                                    <\/div>\n                    <\/div>\n                <\/div>\n                            <div class=\"grid-item col-xl-4 col-lg-4 col-md-6 col-sm-6 col-12\">\n                    <div class=\"grid-item-inner\">\n                                                    <div class=\"entry-featured\">\n                                <div class=\"post-image\">\n                                    <a href=\"https:\/\/inelco.com.co\/en\/inelco-sas-destaca-en-proyectos-de-infraestructura-educativa-en-colombia\/\"><img loading=\"lazy\" decoding=\"async\" class=\"\" src=\"https:\/\/inelco.com.co\/wp-content\/uploads\/2024\/06\/20200312_135550-e1584136243950-370x270.jpg\" width=\"370\" height=\"270\" alt=\"20200312_135550-e1584136243950\" title=\"20200312_135550-e1584136243950\" \/><\/a>\n                                <\/div>\n                                                                    <div class=\"post-category\"><a href=\"https:\/\/inelco.com.co\/en\/category\/noticias\/\" rel=\"tag\">Noticias<\/a><\/div>\n                                                            <\/div>\n                                                <div class=\"entry-body\">\n                            <h3 class=\"entry-title\">\n                                <a href=\"https:\/\/inelco.com.co\/en\/inelco-sas-destaca-en-proyectos-de-infraestructura-educativa-en-colombia\/\">INELCO SAS Destaca en Proyectos de Infraestructura Educativa en Colombia<\/a>\n                            <\/h3>\n                            <ul class=\"entry-meta\">\n                                                                    <li class=\"post-date\">November 26, 2024<\/li>\n                                                                                                    <li class=\"author\">\n                                        <a href=\"https:\/\/inelco.com.co\/en\/author\/lmurillo\/\">lmurillo<\/a><\/li>\n                                                            <\/ul>\n                                                            <div class=\"entry-content\">\n                                    INELCO SAS ha sido fundamental en el desarrollo de proyectos de infraestructura educativa en Colombia, demostrando su capacidad para ejecutar proyectos de gran envergadura con altos est\u00e1ndares de calidad. Entre&hellip;                                <\/div>\n                                                                                        <div class=\"entry-readmore\">\n                                    <a class=\"btn-more\" href=\"https:\/\/inelco.com.co\/en\/inelco-sas-destaca-en-proyectos-de-infraestructura-educativa-en-colombia\/\">\n                                        <span>Leer m\u00e1s<\/span>\n                                        <i class=\"fas fa-arrow-circle-right\"><\/i>\n                                    <\/a>\n                                <\/div>\n                                                    <\/div>\n                    <\/div>\n                <\/div>\n                <\/div>\n        <\/div>\t\t\t\t<\/div>\n\t\t\t\t<\/div>\n\t\t            <\/div>\r\n        <\/div>\r\n        \t\t\t<\/div>\r\n\t\t<\/section>\r\n\t\t\t\t<\/div>\n\t\t","protected":false},"excerpt":{"rendered":"<p>Noticias Aqu\u00ed puedes leer algunas de nuestras noticias entre menciones y opiniones en art\u00edculos del sector.\u00a0 \u00a0 Home Noticias La empresa familiar Inelco recaud\u00f3 $150 millones a trav\u00e9s de la plataforma a2censo junio 7, 2024 webmaster Los recursos se destinar\u00e1n a la puesta en marcha su proyecto de energ\u00edas renovables Heidy Monterrosa &#8211; hmonterrosa@larepublica.com.co A [&hellip;]<\/p>\n","protected":false},"author":2,"featured_media":0,"parent":0,"menu_order":0,"comment_status":"closed","ping_status":"closed","template":"","meta":{"_acf_changed":false,"cybocfi_hide_featured_image":"","_joinchat":[],"footnotes":""},"class_list":["post-14","page","type-page","status-publish","hentry"],"acf":[],"aioseo_notices":[],"_links":{"self":[{"href":"https:\/\/inelco.com.co\/en\/wp-json\/wp\/v2\/pages\/14","targetHints":{"allow":["GET"]}}],"collection":[{"href":"https:\/\/inelco.com.co\/en\/wp-json\/wp\/v2\/pages"}],"about":[{"href":"https:\/\/inelco.com.co\/en\/wp-json\/wp\/v2\/types\/page"}],"author":[{"embeddable":true,"href":"https:\/\/inelco.com.co\/en\/wp-json\/wp\/v2\/users\/2"}],"replies":[{"embeddable":true,"href":"https:\/\/inelco.com.co\/en\/wp-json\/wp\/v2\/comments?post=14"}],"version-history":[{"count":0,"href":"https:\/\/inelco.com.co\/en\/wp-json\/wp\/v2\/pages\/14\/revisions"}],"wp:attachment":[{"href":"https:\/\/inelco.com.co\/en\/wp-json\/wp\/v2\/media?parent=14"}],"curies":[{"name":"wp","href":"https:\/\/api.w.org\/{rel}","templated":true}]}}